{"id":1097,"date":"2021-07-14T08:55:26","date_gmt":"2021-07-14T06:55:26","guid":{"rendered":"https:\/\/afectopersona.com\/?page_id=1097"},"modified":"2023-05-17T15:40:05","modified_gmt":"2023-05-17T13:40:05","slug":"ochrana-osobnych-udajov","status":"publish","type":"page","link":"https:\/\/afectopersona.com\/de\/ochrana-osobnych-udajov\/","title":{"rendered":"Pers\u00f6nlicher Schutz"},"content":{"rendered":"<div data-elementor-type=\"wp-page\" data-elementor-id=\"1097\" class=\"elementor elementor-1097\">\n\t\t\t\t\t\t<section class=\"elementor-section elementor-top-section elementor-element elementor-element-44fc834 elementor-section-boxed elementor-section-height-default elementor-section-height-default\" data-id=\"44fc834\" data-element_type=\"section\">\n\t\t\t\t\t\t<div class=\"elementor-container elementor-column-gap-default\">\n\t\t\t\t\t<div class=\"elementor-column elementor-col-100 elementor-top-column elementor-element elementor-element-5f4a1e0\" data-id=\"5f4a1e0\" data-element_type=\"column\">\n\t\t\t<div class=\"elementor-widget-wrap elementor-element-populated\">\n\t\t\t\t\t\t<div class=\"elementor-element elementor-element-4bcb704 elementor-widget elementor-widget-heading\" data-id=\"4bcb704\" data-element_type=\"widget\" data-widget_type=\"heading.default\">\n\t\t\t\t<div class=\"elementor-widget-container\">\n\t\t\t<h2 class=\"elementor-heading-title elementor-size-default\">Pers\u00f6nlicher Schutz\n<\/h2>\t\t<\/div>\n\t\t\t\t<\/div>\n\t\t\t\t<div class=\"elementor-element elementor-element-97da983 elementor-widget elementor-widget-text-editor\" data-id=\"97da983\" data-element_type=\"widget\" data-widget_type=\"text-editor.default\">\n\t\t\t\t<div class=\"elementor-widget-container\">\n\t\t\t\t\t\t\t<p><strong>Einwilligung zur Verarbeitung personenbezogener Daten\u00a0<\/strong><span style=\"color: var( --e-global-color-text ); font-size: 16px;\"><strong> Zustimmung zur Verarbeitung personenbezogener Daten <\/strong> gem\u00e4\u00df den Bestimmungen der Verordnung (EU) 2016\/679 des Europ\u00e4ischen Parlaments und des Rates vom 27. April 2016 zum Schutz nat\u00fcrlicher Personen bei der Verarbeitung personenbezogener Daten Daten und zum freien Verkehr dieser Daten (im Folgenden \u201eDSGVO\u201c genannt) und gem\u00e4\u00df Gesetz Nr. 18\/2018 Slg. zum Schutz personenbezogener Daten: Als betroffene Person dieses Betreibers - <br> <br> Afecto Persona s.r.o. mit Sitz in Pri \u0161tepnici 3343\/1, 085 01 Bardejov, I\u010cO <br> 46175679 erteile ich meine ausdr\u00fcckliche und vorbehaltlose Einwilligung zur Verarbeitung, Verwaltung und Speicherung meiner personenbezogenen Daten im oben genannten Umfang. Ich stimme zu, um Aufzeichnungen \u00fcber Arbeitssuchende zum Zwecke der Stellenvermittlung zu f\u00fchren. Ich erkl\u00e4re, dass die von mir gemachten Angaben wahr, richtig und vollst\u00e4ndig sind. Ich nehme zur Kenntnis, dass die Empf\u00e4nger der bereitgestellten Daten Gesch\u00e4ftspartner von Afecto Persona s.r.o. sind, die Interesse an der Einstellung eines Arbeitssuchenden bekundet haben. Ich gebe meine Einwilligung f\u00fcr einen Zeitraum von 3 Jahren, danach werden meine <br> personenbezogenen Daten als Arbeitssuchende gel\u00f6scht und\/oder vernichtet. Diese Einwilligung kann jederzeit schriftlich widerrufen werden. Als betroffene Person - Arbeitsuchender habe ich das Recht <br> auf Berichtigung mich betreffender unrichtiger personenbezogener Daten sowie das Recht auf Widerspruch gegen die Verarbeitung meiner personenbezogenen Daten, das Recht auf Einschr\u00e4nkung der Verarbeitung, das Recht auf Daten\u00fcbertragbarkeit, die Recht auf Beschwerde bei der Aufsichtsbeh\u00f6rde und weitere Rechte nach der DSGVO; Die Kontakt-E-Mail-Adresse zum Zwecke der Aus\u00fcbung und Aus\u00fcbung der vorstehenden Rechte lautet afecto.persona@gmail.com. Ich wurde \u00fcber diese Informationen informiert und stimme ihnen voll und ganz zu.<\/span><\/p><p>Ich wurde \u00fcber diese Informationen informiert und stimme ihnen voll und ganz zu\u00a0<\/p>\t\t\t\t\t\t<\/div>\n\t\t\t\t<\/div>\n\t\t\t\t\t<\/div>\n\t\t<\/div>\n\t\t\t\t\t<\/div>\n\t\t<\/section>\n\t\t\t\t<section class=\"elementor-section elementor-top-section elementor-element elementor-element-559d97a elementor-section-boxed elementor-section-height-default elementor-section-height-default\" data-id=\"559d97a\" data-element_type=\"section\" data-settings=\"{&quot;background_background&quot;:&quot;classic&quot;}\">\n\t\t\t\t\t\t<div class=\"elementor-container elementor-column-gap-default\">\n\t\t\t\t\t<div class=\"elementor-column elementor-col-100 elementor-top-column elementor-element elementor-element-b3d0f05\" data-id=\"b3d0f05\" data-element_type=\"column\">\n\t\t\t<div class=\"elementor-widget-wrap elementor-element-populated\">\n\t\t\t\t\t\t<div class=\"elementor-element elementor-element-d4c4a38 elementor-widget elementor-widget-heading\" data-id=\"d4c4a38\" data-element_type=\"widget\" data-widget_type=\"heading.default\">\n\t\t\t\t<div class=\"elementor-widget-container\">\n\t\t\t<h2 class=\"elementor-heading-title elementor-size-default\">Verantwortlicher f\u00fcr personenbezogene Daten:<\/h2>\t\t<\/div>\n\t\t\t\t<\/div>\n\t\t\t\t<div class=\"elementor-element elementor-element-9c320e5 elementor-widget elementor-widget-text-editor\" data-id=\"9c320e5\" data-element_type=\"widget\" data-widget_type=\"text-editor.default\">\n\t\t\t\t<div class=\"elementor-widget-container\">\n\t\t\t\t\t\t\t<p>Firmenname: Afecto Persona s.r.o.<\/p><p>Hauptsitz: Priemyseln\u00e1 4407<\/p><p>I\u010cO : 52833658<\/p><p>DI\u010c : 2121150900<\/p><p>Umsatzsteuer-Identifikationsnummer: SK2121150900 gem\u00e4\u00df \u00a74, Registrierung ab 4.6.2020<\/p><p>Eintragung im ORSR: Handelsregister des Amtsgerichts Pre\u0161ov, Abteilung: Sro, Einlage Nr. 39523 \/ P<\/p>\t\t\t\t\t\t<\/div>\n\t\t\t\t<\/div>\n\t\t\t\t<div class=\"elementor-element elementor-element-eb8b7a7 elementor-widget elementor-widget-heading\" data-id=\"eb8b7a7\" data-element_type=\"widget\" data-widget_type=\"heading.default\">\n\t\t\t\t<div class=\"elementor-widget-container\">\n\t\t\t<h2 class=\"elementor-heading-title elementor-size-default\">Kontaktdaten des Verantwortlichen<\/h2>\t\t<\/div>\n\t\t\t\t<\/div>\n\t\t\t\t<div class=\"elementor-element elementor-element-23ee46d elementor-widget elementor-widget-text-editor\" data-id=\"23ee46d\" data-element_type=\"widget\" data-widget_type=\"text-editor.default\">\n\t\t\t\t<div class=\"elementor-widget-container\">\n\t\t\t\t\t\t\t<div class=\"gb_nb\">afecto.persona@gmail.com<br \/><br \/><\/div><p><b>Zwecke der Verarbeitung personenbezogener Daten:<\/b><\/p><p>-Abschluss, Registrierung und Verwaltung von Vertr\u00e4gen, einschlie\u00dflich Kundenbetreuung,<\/p><p>- Verarbeitung personenbezogener Daten im Rahmen der Buchhaltung,<\/p><p>-Angebot von Produkten und Dienstleistungen im Bereich Marketing,<\/p><p>-Registerverwaltung<\/p>\t\t\t\t\t\t<\/div>\n\t\t\t\t<\/div>\n\t\t\t\t\t<\/div>\n\t\t<\/div>\n\t\t\t\t\t<\/div>\n\t\t<\/section>\n\t\t\t\t<section class=\"elementor-section elementor-top-section elementor-element elementor-element-a9db1a1 elementor-section-boxed elementor-section-height-default elementor-section-height-default\" data-id=\"a9db1a1\" data-element_type=\"section\">\n\t\t\t\t\t\t<div class=\"elementor-container elementor-column-gap-default\">\n\t\t\t\t\t<div class=\"elementor-column elementor-col-100 elementor-top-column elementor-element elementor-element-e594930\" data-id=\"e594930\" data-element_type=\"column\">\n\t\t\t<div class=\"elementor-widget-wrap elementor-element-populated\">\n\t\t\t\t\t\t<div class=\"elementor-element elementor-element-5f2c6bb elementor-widget elementor-widget-heading\" data-id=\"5f2c6bb\" data-element_type=\"widget\" data-widget_type=\"heading.default\">\n\t\t\t\t<div class=\"elementor-widget-container\">\n\t\t\t<h2 class=\"elementor-heading-title elementor-size-default\">Informationen zur Verarbeitung personenbezogener Daten<\/h2>\t\t<\/div>\n\t\t\t\t<\/div>\n\t\t\t\t<div class=\"elementor-element elementor-element-4d56120 elementor-widget elementor-widget-text-editor\" data-id=\"4d56120\" data-element_type=\"widget\" data-widget_type=\"text-editor.default\">\n\t\t\t\t<div class=\"elementor-widget-container\">\n\t\t\t\t\t\t\t<p>gem\u00e4\u00df Artikel 13 und 14 der Verordnung (EU) 2016\/679 des Europ\u00e4ischen Parlaments und des Rates vom 27. April 2016 zum Schutz nat\u00fcrlicher Personen bei der Verarbeitung personenbezogener Daten und zum freien Datenverkehr (im Folgenden \u201e die Regulation\"). <span style=\"font-size: 16px;\">(\u010falej len \u201eNariadenie\u201c).<\/span><\/p>\t\t\t\t\t\t<\/div>\n\t\t\t\t<\/div>\n\t\t\t\t<div class=\"elementor-element elementor-element-8f5b27d elementor-widget elementor-widget-heading\" data-id=\"8f5b27d\" data-element_type=\"widget\" data-widget_type=\"heading.default\">\n\t\t\t\t<div class=\"elementor-widget-container\">\n\t\t\t<h2 class=\"elementor-heading-title elementor-size-default\">Rechtliche Grundlage<\/h2>\t\t<\/div>\n\t\t\t\t<\/div>\n\t\t\t\t<div class=\"elementor-element elementor-element-8eddad0 elementor-widget elementor-widget-text-editor\" data-id=\"8eddad0\" data-element_type=\"widget\" data-widget_type=\"text-editor.default\">\n\t\t\t\t<div class=\"elementor-widget-container\">\n\t\t\t\t\t\t\t<p>Rechtsgrundlage f\u00fcr die Verarbeitung personenbezogener Daten ist ein Vertrag zwischen dem Unternehmen und einem Gesch\u00e4ftspartner und die Einwilligung \u2013 insbesondere zu Marketingzwecken.<\/p><p><b>Kategorien von Empf\u00e4ngern, denen personenbezogene Daten bereitgestellt werden k\u00f6nnen:<\/b><\/p><p>-IT-Dienstleister<\/p><p>- Anwaltsb\u00fcros<\/p><p>-Buchhaltungsunternehmen<\/p><p><b>Aufbewahrungsfrist personenbezogener Daten<\/b>: \u00a0<\/p><p>f\u00fcr die Dauer des Vertragsverh\u00e4ltnisses und f\u00fcr einen Zeitraum von 10 Jahren ab Beendigung des Vertragsverh\u00e4ltnisses gem\u00e4\u00df den einschl\u00e4gigen gesetzlichen Vorschriften. Die Verarbeitung personenbezogener Daten im Falle einer Einwilligung ist nur f\u00fcr den Zeitraum m\u00f6glich, f\u00fcr den die Einwilligung erteilt wurde.<\/p><p><b>Rechte der betroffenen Person:\u00a0 <\/b><\/p><p>-das Recht auf Auskunft und Auskunft \u00fcber Ihre personenbezogenen Daten,<\/p><p>-das Recht auf Berichtigung personenbezogener Daten,<\/p><p>-Recht auf L\u00f6schung personenbezogener Daten (Recht auf \u201eVergessen\u201c),<\/p><p>-das Recht auf Einschr\u00e4nkung der Verarbeitung personenbezogener Daten,<\/p><p>-das Recht auf \u00dcbermittlung personenbezogener Daten,<\/p><p>-das Recht, der Verarbeitung personenbezogener Daten zu widersprechen,<\/p><p>-Recht auf die Unwirksamkeit automatisierter Entscheidungen im Einzelfall, einschlie\u00dflich Profiling.<\/p><p>-Recht auf Widerruf der Einwilligung (wenn die Einwilligung die Rechtsgrundlage f\u00fcr die Verarbeitung ist)<\/p><p>-das Recht auf Beschwerde bei der Aufsichtsbeh\u00f6rde, d.h. Amt f\u00fcr den Schutz personenbezogener Daten der Slowakischen Republik<\/p><p>Die betroffene Person \u00fcbt diese Rechte gem\u00e4\u00df der Verordnung und anderen einschl\u00e4gigen Rechtsvorschriften unter der E-Mail-Adresse aus: afecto.persona@gmail.com<\/p><p class=\" translation-block\"><strong>Kategorien<\/strong><strong> der verarbeiteten personenbezogenen Daten: <\/strong><\/p><p>Der Umfang bzw. die Liste der verarbeiteten personenbezogenen Daten des Kunden ergibt sich aus den Vertragsunterlagen oder ist in der Einwilligung zur Verarbeitung personenbezogener Daten angegeben. Das Unternehmen verarbeitet personenbezogene Daten, soweit dies zur Erf\u00fcllung des Zwecks ihrer Verarbeitung erforderlich ist.<\/p><p><b>Quelle, aus der die personenbezogenen Daten stammen:\u00a0<\/b><\/p><p>Sofern personenbezogene Daten nicht direkt bei der betroffenen Person erhoben werden, ist die Quelle dieser Daten die Person \u2013 der Arbeitgeber, der mit dem Betreiber einen Vertrag abschlie\u00dft<\/p>\t\t\t\t\t\t<\/div>\n\t\t\t\t<\/div>\n\t\t\t\t\t<\/div>\n\t\t<\/div>\n\t\t\t\t\t<\/div>\n\t\t<\/section>\n\t\t\t\t<section class=\"elementor-section elementor-top-section elementor-element elementor-element-648e005 elementor-section-boxed elementor-section-height-default elementor-section-height-default\" data-id=\"648e005\" data-element_type=\"section\" data-settings=\"{&quot;background_background&quot;:&quot;classic&quot;}\">\n\t\t\t\t\t\t<div class=\"elementor-container elementor-column-gap-default\">\n\t\t\t\t\t<div class=\"elementor-column elementor-col-100 elementor-top-column elementor-element elementor-element-b83de00\" data-id=\"b83de00\" data-element_type=\"column\">\n\t\t\t<div class=\"elementor-widget-wrap elementor-element-populated\">\n\t\t\t\t\t\t<section class=\"elementor-section elementor-inner-section elementor-element elementor-element-d6c21c1 elementor-section-boxed elementor-section-height-default elementor-section-height-default\" data-id=\"d6c21c1\" data-element_type=\"section\">\n\t\t\t\t\t\t<div class=\"elementor-container elementor-column-gap-default\">\n\t\t\t\t\t<div class=\"elementor-column elementor-col-33 elementor-inner-column elementor-element elementor-element-13233ef\" data-id=\"13233ef\" data-element_type=\"column\">\n\t\t\t<div class=\"elementor-widget-wrap\">\n\t\t\t\t\t\t\t<\/div>\n\t\t<\/div>\n\t\t\t\t<div class=\"elementor-column elementor-col-33 elementor-inner-column elementor-element elementor-element-8caf469\" data-id=\"8caf469\" data-element_type=\"column\">\n\t\t\t<div class=\"elementor-widget-wrap elementor-element-populated\">\n\t\t\t\t\t\t<div class=\"elementor-element elementor-element-24e48f7 elementor-widget elementor-widget-image\" data-id=\"24e48f7\" data-element_type=\"widget\" data-widget_type=\"image.default\">\n\t\t\t\t<div class=\"elementor-widget-container\">\n\t\t\t\t\t\t\t\t\t\t\t\t\t<img fetchpriority=\"high\" decoding=\"async\" width=\"285\" height=\"227\" src=\"https:\/\/afectopersona.com\/wp-content\/uploads\/2021\/06\/PNG-3.png\" class=\"attachment-full size-full wp-image-567\" alt=\"\" \/>\t\t\t\t\t\t\t\t\t\t\t\t\t<\/div>\n\t\t\t\t<\/div>\n\t\t\t\t<div class=\"elementor-element elementor-element-9599c07 elementor-widget elementor-widget-heading\" data-id=\"9599c07\" data-element_type=\"widget\" data-widget_type=\"heading.default\">\n\t\t\t\t<div class=\"elementor-widget-container\">\n\t\t\t<h3 class=\"elementor-heading-title elementor-size-default\">Sozialen Medien <\/h3>\t\t<\/div>\n\t\t\t\t<\/div>\n\t\t\t\t<div class=\"elementor-element elementor-element-0a682f7 elementor-shape-square e-grid-align-mobile-center e-grid-align-tablet-center elementor-grid-0 e-grid-align-center elementor-widget elementor-widget-social-icons\" data-id=\"0a682f7\" data-element_type=\"widget\" data-widget_type=\"social-icons.default\">\n\t\t\t\t<div class=\"elementor-widget-container\">\n\t\t\t\t\t<div class=\"elementor-social-icons-wrapper elementor-grid\">\n\t\t\t\t\t\t\t<span class=\"elementor-grid-item\">\n\t\t\t\t\t<a class=\"elementor-icon elementor-social-icon elementor-social-icon-facebook-f elementor-repeater-item-421c6ef\" href=\"https:\/\/www.facebook.com\/afectopersona\" target=\"_blank\">\n\t\t\t\t\t\t<span class=\"elementor-screen-only\">Facebook-f<\/span>\n\t\t\t\t\t\t<i class=\"fab fa-facebook-f\"><\/i>\t\t\t\t\t<\/a>\n\t\t\t\t<\/span>\n\t\t\t\t\t<\/div>\n\t\t\t\t<\/div>\n\t\t\t\t<\/div>\n\t\t\t\t<div class=\"elementor-element elementor-element-42303db elementor-widget-divider--view-line elementor-invisible elementor-widget elementor-widget-divider\" data-id=\"42303db\" data-element_type=\"widget\" data-settings=\"{&quot;_animation&quot;:&quot;fadeInUp&quot;}\" data-widget_type=\"divider.default\">\n\t\t\t\t<div class=\"elementor-widget-container\">\n\t\t\t\t\t<div class=\"elementor-divider\">\n\t\t\t<span class=\"elementor-divider-separator\">\n\t\t\t\t\t\t<\/span>\n\t\t<\/div>\n\t\t\t\t<\/div>\n\t\t\t\t<\/div>\n\t\t\t\t\t<\/div>\n\t\t<\/div>\n\t\t\t\t<div class=\"elementor-column elementor-col-33 elementor-inner-column elementor-element elementor-element-1ac268a\" data-id=\"1ac268a\" data-element_type=\"column\">\n\t\t\t<div class=\"elementor-widget-wrap elementor-element-populated\">\n\t\t\t\t\t\t<div class=\"elementor-element elementor-element-c96fef2 elementor-widget elementor-widget-spacer\" data-id=\"c96fef2\" data-element_type=\"widget\" data-widget_type=\"spacer.default\">\n\t\t\t\t<div class=\"elementor-widget-container\">\n\t\t\t\t\t<div class=\"elementor-spacer\">\n\t\t\t<div class=\"elementor-spacer-inner\"><\/div>\n\t\t<\/div>\n\t\t\t\t<\/div>\n\t\t\t\t<\/div>\n\t\t\t\t\t<\/div>\n\t\t<\/div>\n\t\t\t\t\t<\/div>\n\t\t<\/section>\n\t\t\t\t\t<\/div>\n\t\t<\/div>\n\t\t\t\t\t<\/div>\n\t\t<\/section>\n\t\t\t\t<section class=\"elementor-section elementor-top-section elementor-element elementor-element-46c3302 elementor-section-boxed elementor-section-height-default elementor-section-height-default\" data-id=\"46c3302\" data-element_type=\"section\" data-settings=\"{&quot;background_background&quot;:&quot;classic&quot;}\">\n\t\t\t\t\t\t<div class=\"elementor-container elementor-column-gap-default\">\n\t\t\t\t\t<div class=\"elementor-column elementor-col-100 elementor-top-column elementor-element elementor-element-c8b5d94\" data-id=\"c8b5d94\" data-element_type=\"column\">\n\t\t\t<div class=\"elementor-widget-wrap elementor-element-populated\">\n\t\t\t\t\t\t<div class=\"elementor-element elementor-element-29510d4 elementor-widget elementor-widget-text-editor\" data-id=\"29510d4\" data-element_type=\"widget\" data-widget_type=\"text-editor.default\">\n\t\t\t\t<div class=\"elementor-widget-container\">\n\t\t\t\t\t\t\t<p>\u00a9 2021 Affecto Persona. Alle Rechte vorbehalten.<\/p>\t\t\t\t\t\t<\/div>\n\t\t\t\t<\/div>\n\t\t\t\t\t<\/div>\n\t\t<\/div>\n\t\t\t\t\t<\/div>\n\t\t<\/section>\n\t\t\t\t<\/div>","protected":false},"excerpt":{"rendered":"<p>Ochrana osobn\u00fdch \u00fadajov S\u00fahlas so spracovan\u00edm osobn\u00fdch \u00fadajov\u00a0udelen\u00fd pod\u013ea ustanoven\u00ed nariadenia eur\u00f3pskeho parlamentu a rady (E\u00da) 2016\/679 z 27.apr\u00edla 2016 o ochrane fyzick\u00fdch os\u00f4b pri sprac\u00favan\u00ed osobn\u00fdch \u00fadajov a o vo\u013enom pohybe tak\u00fdchto \u00fadajov (\u010falej len \u201eGDPR\u201c) a pod\u013ea z\u00e1kona \u010d. 18\/2018 Z. z. o ochrane osobn\u00fdch \u00fadajov: Ako dotknut\u00e1 osoba t\u00fdmto prev\u00e1dzkovate\u013eovi \u2013spolo\u010dnosti Afecto [&hellip;]<\/p>","protected":false},"author":1,"featured_media":0,"parent":0,"menu_order":0,"comment_status":"closed","ping_status":"closed","template":"","meta":{"ocean_post_layout":"full-screen","ocean_both_sidebars_style":"","ocean_both_sidebars_content_width":0,"ocean_both_sidebars_sidebars_width":0,"ocean_sidebar":"0","ocean_second_sidebar":"0","ocean_disable_margins":"enable","ocean_add_body_class":"","ocean_shortcode_before_top_bar":"","ocean_shortcode_after_top_bar":"","ocean_shortcode_before_header":"","ocean_shortcode_after_header":"","ocean_has_shortcode":"","ocean_shortcode_after_title":"","ocean_shortcode_before_footer_widgets":"","ocean_shortcode_after_footer_widgets":"","ocean_shortcode_before_footer_bottom":"","ocean_shortcode_after_footer_bottom":"","ocean_display_top_bar":"off","ocean_display_header":"default","ocean_header_style":"","ocean_center_header_left_menu":"0","ocean_custom_header_template":"0","ocean_custom_logo":0,"ocean_custom_retina_logo":0,"ocean_custom_logo_max_width":0,"ocean_custom_logo_tablet_max_width":0,"ocean_custom_logo_mobile_max_width":0,"ocean_custom_logo_max_height":0,"ocean_custom_logo_tablet_max_height":0,"ocean_custom_logo_mobile_max_height":0,"ocean_header_custom_menu":"0","ocean_menu_typo_font_family":"0","ocean_menu_typo_font_subset":"","ocean_menu_typo_font_size":0,"ocean_menu_typo_font_size_tablet":0,"ocean_menu_typo_font_size_mobile":0,"ocean_menu_typo_font_size_unit":"px","ocean_menu_typo_font_weight":"","ocean_menu_typo_font_weight_tablet":"","ocean_menu_typo_font_weight_mobile":"","ocean_menu_typo_transform":"","ocean_menu_typo_transform_tablet":"","ocean_menu_typo_transform_mobile":"","ocean_menu_typo_line_height":0,"ocean_menu_typo_line_height_tablet":0,"ocean_menu_typo_line_height_mobile":0,"ocean_menu_typo_line_height_unit":"","ocean_menu_typo_spacing":0,"ocean_menu_typo_spacing_tablet":0,"ocean_menu_typo_spacing_mobile":0,"ocean_menu_typo_spacing_unit":"","ocean_menu_link_color":"","ocean_menu_link_color_hover":"","ocean_menu_link_color_active":"","ocean_menu_link_background":"","ocean_menu_link_hover_background":"","ocean_menu_link_active_background":"","ocean_menu_social_links_bg":"","ocean_menu_social_hover_links_bg":"","ocean_menu_social_links_color":"","ocean_menu_social_hover_links_color":"","ocean_disable_title":"on","ocean_disable_heading":"default","ocean_post_title":"","ocean_post_subheading":"","ocean_post_title_style":"","ocean_post_title_background_color":"","ocean_post_title_background":0,"ocean_post_title_bg_image_position":"","ocean_post_title_bg_image_attachment":"","ocean_post_title_bg_image_repeat":"","ocean_post_title_bg_image_size":"","ocean_post_title_height":0,"ocean_post_title_bg_overlay":0.5,"ocean_post_title_bg_overlay_color":"","ocean_disable_breadcrumbs":"default","ocean_breadcrumbs_color":"","ocean_breadcrumbs_separator_color":"","ocean_breadcrumbs_links_color":"","ocean_breadcrumbs_links_hover_color":"","ocean_display_footer_widgets":"off","ocean_display_footer_bottom":"off","ocean_custom_footer_template":"0","footnotes":""},"_links":{"self":[{"href":"https:\/\/afectopersona.com\/de\/wp-json\/wp\/v2\/pages\/1097"}],"collection":[{"href":"https:\/\/afectopersona.com\/de\/wp-json\/wp\/v2\/pages"}],"about":[{"href":"https:\/\/afectopersona.com\/de\/wp-json\/wp\/v2\/types\/page"}],"author":[{"embeddable":true,"href":"https:\/\/afectopersona.com\/de\/wp-json\/wp\/v2\/users\/1"}],"replies":[{"embeddable":true,"href":"https:\/\/afectopersona.com\/de\/wp-json\/wp\/v2\/comments?post=1097"}],"version-history":[{"count":82,"href":"https:\/\/afectopersona.com\/de\/wp-json\/wp\/v2\/pages\/1097\/revisions"}],"predecessor-version":[{"id":1870,"href":"https:\/\/afectopersona.com\/de\/wp-json\/wp\/v2\/pages\/1097\/revisions\/1870"}],"wp:attachment":[{"href":"https:\/\/afectopersona.com\/de\/wp-json\/wp\/v2\/media?parent=1097"}],"curies":[{"name":"wp","href":"https:\/\/api.w.org\/{rel}","templated":true}]}}